{"id":129028,"date":"2023-09-19T06:45:55","date_gmt":"2023-09-19T06:45:55","guid":{"rendered":"https:\/\/www.herzladen.ch\/webshop\/?post_type=product&#038;p=129028"},"modified":"2024-05-08T09:29:22","modified_gmt":"2024-05-08T09:29:22","slug":"seifensaeckli","status":"publish","type":"product","link":"https:\/\/www.herzladen.ch\/webshop\/?product=seifensaeckli","title":{"rendered":"Seifens\u00e4ckli"},"content":{"rendered":"<p>Das Seifens\u00e4ckli ist ca. 10 x 12 cm gross. Es ist aus Bio Baumwolle von Hand in der Schweiz gen\u00e4ht.<br \/>Die Kordel ist aus der Seilerei Winterthur. Das S\u00e4ckli kann bei 60 Grad gewaschen werden.<\/p>\n<p>Ideal um die Seife darin aufzubewahren oder auch die Seifenreste zu verbrauchen.<\/p>\n<p>Gr\u00f6sse: ca. 10 cm x 12 cm<br \/>Material: Bio Baumwolle<\/p>\n","protected":false},"excerpt":{"rendered":"<p>Das Seifens\u00e4ckli ist ca. 10 x 12 cm gross. Es ist aus Bio Baumwolle von Hand in der Schweiz gen\u00e4ht.Die Kordel ist aus der Seilerei Winterthur. Das S\u00e4ckli kann bei 60 Grad gewaschen werden. Ideal um die Seife darin aufzubewahren oder auch die Seifenreste zu verbrauchen. Gr\u00f6sse: ca. 10 cm x 12 cmMaterial: Bio Baumwolle<\/p>\n","protected":false},"featured_media":9783952534840,"comment_status":"open","ping_status":"closed","template":"","meta":[],"product_brand":[],"product_cat":[116],"product_tag":[125],"class_list":{"0":"post-129028","1":"product","2":"type-product","3":"status-publish","4":"has-post-thumbnail","6":"product_cat-seifen-zubehoer-haushalt","7":"product_tag-seifenkiste","9":"first","10":"instock","11":"shipping-taxable","12":"purchasable","13":"product-type-simple"},"yoast_head":"<!-- This site is optimized with the Yoast SEO plugin v26.6 - https:\/\/yoast.com\/wordpress\/plugins\/seo\/ -->\n<title>Seifens\u00e4ckli - HERZLADEN - Lichtvoll f\u00fcr Mensch, Tier und Mutter Erde - Webshop<\/title>\n<meta name=\"robots\" content=\"index, follow, max-snippet:-1, max-image-preview:large, max-video-preview:-1\" \/>\n<link rel=\"canonical\" href=\"https:\/\/www.herzladen.ch\/webshop\/?product=seifensaeckli\" \/>\n<meta property=\"og:locale\" content=\"de_DE\" \/>\n<meta property=\"og:type\" content=\"article\" \/>\n<meta property=\"og:title\" content=\"Seifens\u00e4ckli - HERZLADEN - Lichtvoll f\u00fcr Mensch, Tier und Mutter Erde - Webshop\" \/>\n<meta property=\"og:description\" content=\"Das Seifens\u00e4ckli ist ca. 10 x 12 cm gross. Es ist aus Bio Baumwolle von Hand in der Schweiz gen\u00e4ht.Die Kordel ist aus der Seilerei Winterthur. Das S\u00e4ckli kann bei 60 Grad gewaschen werden. Ideal um die Seife darin aufzubewahren oder auch die Seifenreste zu verbrauchen. Gr\u00f6sse: ca. 10 cm x 12 cmMaterial: Bio Baumwolle\" \/>\n<meta property=\"og:url\" content=\"https:\/\/www.herzladen.ch\/webshop\/?product=seifensaeckli\" \/>\n<meta property=\"og:site_name\" content=\"HERZLADEN - Lichtvoll f\u00fcr Mensch, Tier und Mutter Erde - Webshop\" \/>\n<meta property=\"article:modified_time\" content=\"2024-05-08T09:29:22+00:00\" \/>\n<meta name=\"twitter:card\" content=\"summary_large_image\" \/>\n<script type=\"application\/ld+json\" class=\"yoast-schema-graph\">{\"@context\":\"https:\/\/schema.org\",\"@graph\":[{\"@type\":\"WebPage\",\"@id\":\"https:\/\/www.herzladen.ch\/webshop\/?product=seifensaeckli\",\"url\":\"https:\/\/www.herzladen.ch\/webshop\/?product=seifensaeckli\",\"name\":\"Seifens\u00e4ckli - HERZLADEN - Lichtvoll f\u00fcr Mensch, Tier und Mutter Erde - Webshop\",\"isPartOf\":{\"@id\":\"https:\/\/www.herzladen.ch\/webshop\/#website\"},\"primaryImageOfPage\":{\"@id\":\"https:\/\/www.herzladen.ch\/webshop\/?product=seifensaeckli#primaryimage\"},\"image\":{\"@id\":\"https:\/\/www.herzladen.ch\/webshop\/?product=seifensaeckli#primaryimage\"},\"thumbnailUrl\":\"https:\/\/www.herzladen.ch\/webshop\/wp-content\/uploads\/2023\/09\/129028.jpg\",\"datePublished\":\"2023-09-19T06:45:55+00:00\",\"dateModified\":\"2024-05-08T09:29:22+00:00\",\"breadcrumb\":{\"@id\":\"https:\/\/www.herzladen.ch\/webshop\/?product=seifensaeckli#breadcrumb\"},\"inLanguage\":\"de\",\"potentialAction\":[{\"@type\":\"ReadAction\",\"target\":[\"https:\/\/www.herzladen.ch\/webshop\/?product=seifensaeckli\"]}]},{\"@type\":\"ImageObject\",\"inLanguage\":\"de\",\"@id\":\"https:\/\/www.herzladen.ch\/webshop\/?product=seifensaeckli#primaryimage\",\"url\":\"https:\/\/www.herzladen.ch\/webshop\/wp-content\/uploads\/2023\/09\/129028.jpg\",\"contentUrl\":\"https:\/\/www.herzladen.ch\/webshop\/wp-content\/uploads\/2023\/09\/129028.jpg\",\"width\":550,\"height\":550},{\"@type\":\"BreadcrumbList\",\"@id\":\"https:\/\/www.herzladen.ch\/webshop\/?product=seifensaeckli#breadcrumb\",\"itemListElement\":[{\"@type\":\"ListItem\",\"position\":1,\"name\":\"Startseite\",\"item\":\"https:\/\/www.herzladen.ch\/webshop\/\"},{\"@type\":\"ListItem\",\"position\":2,\"name\":\"Shop\",\"item\":\"https:\/\/www.herzladen.ch\/webshop\/?page_id=5\"},{\"@type\":\"ListItem\",\"position\":3,\"name\":\"Seifens\u00e4ckli\"}]},{\"@type\":\"WebSite\",\"@id\":\"https:\/\/www.herzladen.ch\/webshop\/#website\",\"url\":\"https:\/\/www.herzladen.ch\/webshop\/\",\"name\":\"HERZLADEN - Lichtvoll f\u00fcr Mensch, Tier und Mutter Erde - Webshop\",\"description\":\"\",\"publisher\":{\"@id\":\"https:\/\/www.herzladen.ch\/webshop\/#organization\"},\"potentialAction\":[{\"@type\":\"SearchAction\",\"target\":{\"@type\":\"EntryPoint\",\"urlTemplate\":\"https:\/\/www.herzladen.ch\/webshop\/?s={search_term_string}\"},\"query-input\":{\"@type\":\"PropertyValueSpecification\",\"valueRequired\":true,\"valueName\":\"search_term_string\"}}],\"inLanguage\":\"de\"},{\"@type\":\"Organization\",\"@id\":\"https:\/\/www.herzladen.ch\/webshop\/#organization\",\"name\":\"HERZLADEN - Lichtvoll f\u00fcr Mensch, Tier und Mutter Erde - Webshop\",\"url\":\"https:\/\/www.herzladen.ch\/webshop\/\",\"logo\":{\"@type\":\"ImageObject\",\"inLanguage\":\"de\",\"@id\":\"https:\/\/www.herzladen.ch\/webshop\/#\/schema\/logo\/image\/\",\"url\":\"https:\/\/www.herzladen.ch\/webshop\/wp-content\/uploads\/2023\/08\/Logo-Herzladen-scaled.jpg\",\"contentUrl\":\"https:\/\/www.herzladen.ch\/webshop\/wp-content\/uploads\/2023\/08\/Logo-Herzladen-scaled.jpg\",\"width\":2560,\"height\":728,\"caption\":\"HERZLADEN - Lichtvoll f\u00fcr Mensch, Tier und Mutter Erde - Webshop\"},\"image\":{\"@id\":\"https:\/\/www.herzladen.ch\/webshop\/#\/schema\/logo\/image\/\"}}]}<\/script>\n<!-- \/ Yoast SEO plugin. -->","yoast_head_json":{"title":"Seifens\u00e4ckli - HERZLADEN - Lichtvoll f\u00fcr Mensch, Tier und Mutter Erde - Webshop","robots":{"index":"index","follow":"follow","max-snippet":"max-snippet:-1","max-image-preview":"max-image-preview:large","max-video-preview":"max-video-preview:-1"},"canonical":"https:\/\/www.herzladen.ch\/webshop\/?product=seifensaeckli","og_locale":"de_DE","og_type":"article","og_title":"Seifens\u00e4ckli - HERZLADEN - Lichtvoll f\u00fcr Mensch, Tier und Mutter Erde - Webshop","og_description":"Das Seifens\u00e4ckli ist ca. 10 x 12 cm gross. Es ist aus Bio Baumwolle von Hand in der Schweiz gen\u00e4ht.Die Kordel ist aus der Seilerei Winterthur. Das S\u00e4ckli kann bei 60 Grad gewaschen werden. Ideal um die Seife darin aufzubewahren oder auch die Seifenreste zu verbrauchen. Gr\u00f6sse: ca. 10 cm x 12 cmMaterial: Bio Baumwolle","og_url":"https:\/\/www.herzladen.ch\/webshop\/?product=seifensaeckli","og_site_name":"HERZLADEN - Lichtvoll f\u00fcr Mensch, Tier und Mutter Erde - Webshop","article_modified_time":"2024-05-08T09:29:22+00:00","twitter_card":"summary_large_image","schema":{"@context":"https:\/\/schema.org","@graph":[{"@type":"WebPage","@id":"https:\/\/www.herzladen.ch\/webshop\/?product=seifensaeckli","url":"https:\/\/www.herzladen.ch\/webshop\/?product=seifensaeckli","name":"Seifens\u00e4ckli - HERZLADEN - Lichtvoll f\u00fcr Mensch, Tier und Mutter Erde - Webshop","isPartOf":{"@id":"https:\/\/www.herzladen.ch\/webshop\/#website"},"primaryImageOfPage":{"@id":"https:\/\/www.herzladen.ch\/webshop\/?product=seifensaeckli#primaryimage"},"image":{"@id":"https:\/\/www.herzladen.ch\/webshop\/?product=seifensaeckli#primaryimage"},"thumbnailUrl":"https:\/\/www.herzladen.ch\/webshop\/wp-content\/uploads\/2023\/09\/129028.jpg","datePublished":"2023-09-19T06:45:55+00:00","dateModified":"2024-05-08T09:29:22+00:00","breadcrumb":{"@id":"https:\/\/www.herzladen.ch\/webshop\/?product=seifensaeckli#breadcrumb"},"inLanguage":"de","potentialAction":[{"@type":"ReadAction","target":["https:\/\/www.herzladen.ch\/webshop\/?product=seifensaeckli"]}]},{"@type":"ImageObject","inLanguage":"de","@id":"https:\/\/www.herzladen.ch\/webshop\/?product=seifensaeckli#primaryimage","url":"https:\/\/www.herzladen.ch\/webshop\/wp-content\/uploads\/2023\/09\/129028.jpg","contentUrl":"https:\/\/www.herzladen.ch\/webshop\/wp-content\/uploads\/2023\/09\/129028.jpg","width":550,"height":550},{"@type":"BreadcrumbList","@id":"https:\/\/www.herzladen.ch\/webshop\/?product=seifensaeckli#breadcrumb","itemListElement":[{"@type":"ListItem","position":1,"name":"Startseite","item":"https:\/\/www.herzladen.ch\/webshop\/"},{"@type":"ListItem","position":2,"name":"Shop","item":"https:\/\/www.herzladen.ch\/webshop\/?page_id=5"},{"@type":"ListItem","position":3,"name":"Seifens\u00e4ckli"}]},{"@type":"WebSite","@id":"https:\/\/www.herzladen.ch\/webshop\/#website","url":"https:\/\/www.herzladen.ch\/webshop\/","name":"HERZLADEN - Lichtvoll f\u00fcr Mensch, Tier und Mutter Erde - Webshop","description":"","publisher":{"@id":"https:\/\/www.herzladen.ch\/webshop\/#organization"},"potentialAction":[{"@type":"SearchAction","target":{"@type":"EntryPoint","urlTemplate":"https:\/\/www.herzladen.ch\/webshop\/?s={search_term_string}"},"query-input":{"@type":"PropertyValueSpecification","valueRequired":true,"valueName":"search_term_string"}}],"inLanguage":"de"},{"@type":"Organization","@id":"https:\/\/www.herzladen.ch\/webshop\/#organization","name":"HERZLADEN - Lichtvoll f\u00fcr Mensch, Tier und Mutter Erde - Webshop","url":"https:\/\/www.herzladen.ch\/webshop\/","logo":{"@type":"ImageObject","inLanguage":"de","@id":"https:\/\/www.herzladen.ch\/webshop\/#\/schema\/logo\/image\/","url":"https:\/\/www.herzladen.ch\/webshop\/wp-content\/uploads\/2023\/08\/Logo-Herzladen-scaled.jpg","contentUrl":"https:\/\/www.herzladen.ch\/webshop\/wp-content\/uploads\/2023\/08\/Logo-Herzladen-scaled.jpg","width":2560,"height":728,"caption":"HERZLADEN - Lichtvoll f\u00fcr Mensch, Tier und Mutter Erde - Webshop"},"image":{"@id":"https:\/\/www.herzladen.ch\/webshop\/#\/schema\/logo\/image\/"}}]}},"jetpack_sharing_enabled":true,"_links":{"self":[{"href":"https:\/\/www.herzladen.ch\/webshop\/index.php?rest_route=\/wp\/v2\/product\/129028","targetHints":{"allow":["GET"]}}],"collection":[{"href":"https:\/\/www.herzladen.ch\/webshop\/index.php?rest_route=\/wp\/v2\/product"}],"about":[{"href":"https:\/\/www.herzladen.ch\/webshop\/index.php?rest_route=\/wp\/v2\/types\/product"}],"replies":[{"embeddable":true,"href":"https:\/\/www.herzladen.ch\/webshop\/index.php?rest_route=%2Fwp%2Fv2%2Fcomments&post=129028"}],"wp:featuredmedia":[{"embeddable":true,"href":"https:\/\/www.herzladen.ch\/webshop\/index.php?rest_route=\/wp\/v2\/media\/9783952534840"}],"wp:attachment":[{"href":"https:\/\/www.herzladen.ch\/webshop\/index.php?rest_route=%2Fwp%2Fv2%2Fmedia&parent=129028"}],"wp:term":[{"taxonomy":"product_brand","embeddable":true,"href":"https:\/\/www.herzladen.ch\/webshop\/index.php?rest_route=%2Fwp%2Fv2%2Fproduct_brand&post=129028"},{"taxonomy":"product_cat","embeddable":true,"href":"https:\/\/www.herzladen.ch\/webshop\/index.php?rest_route=%2Fwp%2Fv2%2Fproduct_cat&post=129028"},{"taxonomy":"product_tag","embeddable":true,"href":"https:\/\/www.herzladen.ch\/webshop\/index.php?rest_route=%2Fwp%2Fv2%2Fproduct_tag&post=129028"}],"curies":[{"name":"wp","href":"https:\/\/api.w.org\/{rel}","templated":true}]}}