{"id":9783952533307,"date":"2023-07-11T07:06:08","date_gmt":"2023-07-11T07:06:08","guid":{"rendered":"https:\/\/www.vier-pfoten-dorfladen.ch\/webshop\/?page_id=9783952533307"},"modified":"2023-07-31T06:39:57","modified_gmt":"2023-07-31T06:39:57","slug":"impressum-datenschutz","status":"publish","type":"page","link":"https:\/\/www.herzladen.ch\/webshop\/?page_id=9783952533307","title":{"rendered":"Impressum \/ Datenschutz"},"content":{"rendered":"\n<h3 class=\"wp-block-heading\">Impressum<\/h3>\n\n\n\n<p><strong>HERZLADEN &#8211; Lichtvoll f\u00fcr Mensch, Tier und Mutter Erde<br><\/strong>Furtstrasse 1<br>CH &#8211; 8335 Hittnau<br>Schweiz<br><br><a href=\"mailto:webshop@herzladen.ch\">webshop@herzladen.ch<\/a><br><a href=\"https:\/\/www.herzladen.ch\/webshop\">https:\/\/www.herzladen.ch\/webshop<\/a><br><br>Vertretungsberechtigte Person:<br>Marc Iseli, Gesch\u00e4ftsf\u00fchrer<br><br>Rechtsform, UID:<br>Einzelfirma, CHE-277.494.402<br><br>Mehrwertsteuer-Nummer:<br>CHE-277.494.402 MWST<br><br>Gerichtsstand:<br>Standort von &#8222;HERZLADEN &#8211; Lichtvoll f\u00fcr Mensch, Tier und Mutter Erde&#8220;<br>Hittnau &#8211; Pf\u00e4ffikon ZH<\/p>\n\n\n\n<em>Copyright \u00a9 <script>document.write(new Date().getFullYear());<\/script>, HERZLADEN &#8211; Lichtvoll f\u00fcr Mensch, Tier und Mutter Erde<\/em><br><br>\n\n\n\n<hr class=\"wp-block-separator has-css-opacity is-style-wide\"\/>\n\n\n\n<h3 class=\"wp-block-heading\">Datenschutzerkl\u00e4rung<\/h3>\n\n\n\n<h4 class=\"wp-block-heading\">Allgemeine Datenschutzerkl\u00e4rung<\/h4>\n\n\n\n<p>Durch die Nutzung dieser Website erkl\u00e4ren Sie sich mit der Erhebung, Verarbeitung und Nutzung von Daten gem\u00e4ss der nachfolgenden Beschreibung&nbsp;einverstanden. Diese Website kann ohne Anmeldung oder Registration besucht werden. Dabei werden Daten wie zum Beispiel aufgerufene Seiten, heruntergeladene Dateien, Datum und Uhrzeit zu statistischen Zwecken auf dem Server gespeichert, ohne dass diese Daten unmittelbar auf Ihre Person bezogen werden. Personenbezogene Daten, insbesondere Name, Adresse, Mail-Adresse werden auf freiwilliger Basis erhoben.<\/p>\n\n\n\n<h4 class=\"wp-block-heading\">Datenschutz<\/h4>\n\n\n\n<p>Gest\u00fctzt auf Artikel 13 der schweizerischen Bundesverfassung und die datenschutzrechtlichen Bestimmungen des Bundes (Datenschutzgesetz, DSG) hat jede Person Anspruch auf Schutz ihrer Privatsph\u00e4re sowie auf Schutz vor Missbrauch ihrer pers\u00f6nlichen Daten. Wir halten diese Bestimmungen ein. Pers\u00f6nliche Daten werden streng vertraulich behandelt und weder an Dritte verkauft noch weitergegeben.<br>In enger Zusammenarbeit mit unseren Hosting-Providern bem\u00fchen wir uns, die Datenbanken so gut wie m\u00f6glich vor fremden Zugriffen, Verlusten, Missbrauch oder vor F\u00e4lschung zu sch\u00fctzen.<br>Beim Zugriff auf unsere Webseiten werden folgende Daten in Logfiles gespeichert: IP-Adresse, Datum, Uhrzeit, Browser-Anfrage und allg. \u00fcbertragene Informationen zum Betriebssystem resp. Browser. Diese Nutzungsdaten bilden die Basis f\u00fcr statistische, anonyme Auswertungen, so dass Trends erkennbar sind, anhand derer wir unsere Angebote entsprechend verbessern k\u00f6nnen.<\/p>\n\n\n\n<h4 class=\"wp-block-heading\">Datenschutzerkl\u00e4rung f\u00fcr Cookies<\/h4>\n\n\n\n<p>Diese Website verwendet Cookies. Hierbei handelt es sich um kleine Textdateien, die es m\u00f6glich machen, auf dem Endger\u00e4t des Nutzers spezifische,&nbsp;auf den Nutzer bezogene Informationen zu speichern, w\u00e4hrend er die Website nutzt. Cookies erm\u00f6glichen es, insbesondere die Nutzungsh\u00e4ufigkeit und Nutzeranzahl der einzelnen Seiten zu ermitteln, Verhaltensweisen der Seitennutzung zu analysieren, aber auch unser Angebot kundenfreundlicher zu gestalten. Cookies bleiben auch bei einem Ende Ihrer Browser-Sitzung erhalten und k\u00f6nnen bei einem erneuten Seitenbesuch wieder aufgerufen werden. Wenn Sie dies nicht w\u00fcnschen, k\u00f6nnen Sie in Ihren Internetbrowser-Einstellungen Cookies verweigern.<\/p>\n\n\n\n<h4 class=\"wp-block-heading\">Datenschutzerkl\u00e4rung f\u00fcr die Nutzung von Google Analytics<\/h4>\n\n\n\n<p>Diese Website benutzt Google Analytics, einen Webanalysedienst der Google Inc.  (\u201cGoogle\u201d). Google Analytics verwendet sog. \u201cCookies\u201d, Textdateien, die auf Ihrem Computer gespeichert werden und die eine Analyse der Benutzung der Website durch Sie erm\u00f6glichen. Die durch den Cookie erzeugten Informationen \u00fcber Ihre Benutzung dieser Website werden in der Regel an einen Server von Google in den USA \u00fcbertragen und dort gespeichert. Im Falle der Aktivierung der IP-Anonymisierung auf dieser Webseite wird Ihre IP-Adresse von Google jedoch innerhalb von Mitgliedstaaten der Europ\u00e4ischen Union oder in anderen Vertragsstaaten des Abkommens \u00fcber den Europ\u00e4ischen Wirtschaftsraum zuvor gek\u00fcrzt. Nur in Ausnahmef\u00e4llen wird die volle IP-Adresse an einen Server von Google in den USA \u00fcbertragen und dort gek\u00fcrzt. Google wird diese Informationen benutzen, um Ihre Nutzung der Website auszuwerten, um Reports \u00fcber die Websiteaktivit\u00e4ten f\u00fcr die Websitebetreiber zusammenzustellen und um weitere mit der Websitenutzung und der Internetnutzung verbundene Dienstleistungen zu erbringen. Auch wird Google diese Informationen gegebenenfalls an Dritte \u00fcbertragen, sofern dies gesetzlich vorgeschrieben oder soweit Dritte diese Daten im Auftrag von Google verarbeiten. Die im Rahmen von Google Analytics von Ihrem Browser \u00fcbermittelte IP-Adresse wird nicht mit anderen Daten von Google zusammengef\u00fchrt. Sie k\u00f6nnen die Installation der Cookies durch eine entsprechende Einstellung Ihrer Browser Software verhindern; wir weisen Sie jedoch darauf hin, dass Sie in diesem Fall gegebenenfalls nicht s\u00e4mtliche Funktionen dieser Website voll umf\u00e4nglich nutzen k\u00f6nnen. Durch die Nutzung dieser Website erkl\u00e4ren Sie sich mit der Bearbeitung der \u00fcber Sie erhobenen Daten durch Google in der zuvor beschriebenen Art und Weise und zu dem zuvor benannten Zweck einverstanden.<\/p>\n\n\n\n<h4 class=\"wp-block-heading\">Datenschutzerkl\u00e4rung f\u00fcr die Nutzung von Facebook-Plugins<\/h4>\n\n\n\n<p>Auf diesen Seiten sind Plugins des sozialen Netzwerks Facebook, 1601 South California Avenue, Palo Alto, CA 94304, USA integriert. Die Facebook-Plugins erkennen Sie an dem Facebook-Logo oder dem \u201cLike-Button\u201d (\u201cGef\u00e4llt mir\u201d) auf unserer Seite.  Eine \u00dcbersicht \u00fcber die Facebook-Plugins finden Sie hier: <a href=\"http:\/\/developers.facebook.com\/docs\/plugins\/\" target=\"_blank\" rel=\"noreferrer noopener nofollow\">http:\/\/developers.facebook.com\/docs\/plugins\/<\/a>. Wenn Sie unsere Seiten besuchen, wird \u00fcber das Plugin eine direkte Verbindung zwischen Ihrem Browser und dem Facebook-Server hergestellt. Facebook erh\u00e4lt dadurch die Information, dass Sie mit Ihrer IP-Adresse unsere Seite besucht haben. Wenn Sie den Facebook \u201cLike-Button\u201d anklicken w\u00e4hrend Sie in Ihrem Facebook-Account eingeloggt sind, k\u00f6nnen Sie die Inhalte unserer Seiten auf Ihrem Facebook-Profil verlinken. Dadurch kann Facebook den Besuch unserer Seiten Ihrem Benutzerkonto zuordnen. Wir weisen darauf hin, dass wir als Anbieter der Seiten keine Kenntnis vom Inhalt der \u00fcbermittelten Daten sowie deren Nutzung durch Facebook erhalten.<br>Weitere Informationen hierzu finden Sie in der Datenschutzerkl\u00e4rung von Facebook unter <a href=\"https:\/\/www.facebook.com\/about\/privacy\/\" target=\"_blank\" rel=\"noreferrer noopener nofollow\">https:\/\/www.facebook.com\/about\/privacy\/<\/a>. Wenn Sie nicht w\u00fcnschen, dass Facebook den Besuch unserer Seiten Ihrem Facebook-Nutzerkonto zuordnen kann, loggen Sie sich bitte aus Ihrem Facebook-Benutzerkonto aus.<\/p>\n\n\n\n<h4 class=\"wp-block-heading\">Datenschutzerkl\u00e4rung f\u00fcr die Nutzung von Instagram-Plugins<\/h4>\n\n\n\n<p>Auf diesen Seiten sind Funktionen des Dienstes Instagram eingebunden. Diese Funktionen werden angeboten durch die Instagram Inc., 1601 Willow Road, Menlo Park, CA 94025, USA integriert. Wenn Sie in Ihrem Instagram-Account eingeloggt sind, k\u00f6nnen Sie durch Anklicken des Instagram-Buttons die Inhalte unserer Seiten mit Ihrem Instagram-Profil verlinken. Dadurch kann Instagram den Besuch unserer Seiten Ihrem Benutzerkonto zuordnen. Wir weisen darauf hin, dass wir als Anbieter der Seiten keine Kenntnis vom Inhalt der \u00fcbermittelten Daten sowie deren Nutzung durch Instagram erhalten.<br>Weitere Informationen hierzu finden Sie in der Datenschutzerkl\u00e4rung von Instagram:&nbsp;<a href=\"https:\/\/instagram.com\/about\/legal\/privacy\/\" target=\"_blank\" rel=\"noreferrer noopener nofollow\">https:\/\/instagram.com\/about\/legal\/privacy\/<\/a>.<\/p>\n\n\n\n<h4 class=\"wp-block-heading\">Datenschutzerkl\u00e4rung f\u00fcr die Nutzung von WhatsApp-Plugins<\/h4>\n\n\n\n<p>Auf diesen Seiten sind Buttons des sozialen Netzwerkes WhatsApp Inc. 650 Castro Street, Suite 120-219 Mountain View, Kalifornien, 94041 USA integriert. Die WhatsApp-Buttons erkennen Sie an dem WhatsApp-Logo oder dem \u201cWhatsApp\u201d-Button auf dieser Seite. Eine \u00dcbersicht \u00fcber die WhatsApp-Plugins finden Sie hier:&nbsp;<a href=\"https:\/\/www.whatsapp.com\/\" target=\"_blank\" rel=\"noreferrer noopener nofollow\">https:\/\/www.whatsapp.com\/<\/a>. Wenn Sie die WhatsApp-Buttons aktiv nutzen, wird \u00fcber das Plugin eine direkte Verbindung zwischen Ihrem Browser und dem WhatsApp-Server hergestellt. WhatsApp erh\u00e4lt dadurch die Information, dass Sie mit Ihrer IP-Adresse unsere Seite besucht haben. Wenn Sie den \u201cWhatsApp-Button\u201d anklicken w\u00e4hrend Sie in Ihrem WhatsApp-Account eingeloggt sind, k\u00f6nnen Sie die Inhalte unserer Seiten auf Ihrem WhatsApp-Profil verlinken. Dadurch kann WhatsApp den Besuch unserer Seiten Ihrem Benutzerkonto zuordnen. Wir weisen darauf hin, dass wir als Anbieter der Seiten keine Kenntnis vom Inhalt der \u00fcbermittelten Daten sowie deren Nutzung durch WhatsApp erhalten. Weitere Informationen hierzu finden Sie in der&nbsp;Datenschutzerkl\u00e4rung von WhatsApp: <a href=\"https:\/\/www.whatsapp.com\/legal\/\" target=\"_blank\" rel=\"noreferrer noopener nofollow\">https:\/\/www.whatsapp.com\/legal\/<\/a>. Wenn Sie nicht w\u00fcnschen, dass WhatsApp den Besuch unserer Seiten Ihrem WhatsApp-Nutzerkonto zuordnen kann, loggen Sie sich bitte aus Ihrem WhatsApp-Benutzerkonto aus.<\/p>\n\n\n\n<h4 class=\"wp-block-heading\">Haftungsausschluss<\/h4>\n\n\n\n<p>Der Autor \u00fcbernimmt keinerlei Gew\u00e4hr hinsichtlich der inhaltlichen Richtigkeit, Genauigkeit, Aktualit\u00e4t, Zuverl\u00e4ssigkeit und Vollst\u00e4ndigkeit der Informationen. Haftungsanspr\u00fcche gegen den Autor wegen Sch\u00e4den materieller oder immaterieller Art, welche aus dem Zugriff oder der Nutzung bzw. Nichtnutzung der ver\u00f6ffentlichten Informationen, durch Missbrauch der Verbindung oder durch technische St\u00f6rungen entstanden sind, werden ausgeschlossen. Alle Angebote sind unverbindlich. Der Autor beh\u00e4lt es sich ausdr\u00fccklich vor, Teile der Seiten oder das gesamte Angebot ohne gesonderte Ank\u00fcndigung zu ver\u00e4ndern, zu erg\u00e4nzen, zu l\u00f6schen oder die Ver\u00f6ffentlichung zeitweise oder endg\u00fcltig einzustellen.<\/p>\n\n\n\n<h4 class=\"wp-block-heading\">Haftung f\u00fcr Links<\/h4>\n\n\n\n<p>Verweise und Links auf Webseiten Dritter liegen ausserhalb unseres Verantwortungsbereichs. Es wird jegliche Verantwortung f\u00fcr solche Webseiten abgelehnt. Der Zugriff und die Nutzung solcher Webseiten erfolgen auf eigene Gefahr des Nutzers oder der Nutzerin.<\/p>\n\n\n\n<h4 class=\"wp-block-heading\">Urheberrechte<\/h4>\n\n\n\n<p>Die Urheber- und alle anderen Rechte an Inhalten, Bildern, Fotos oder anderen Dateien auf der Website geh\u00f6ren ausschliesslich HERZLADEN oder den speziell genannten Rechtsinhabern. F\u00fcr die Reproduktion jeglicher Elemente ist die schriftliche Zustimmung der Urheberrechtstr\u00e4ger im Voraus einzuholen.<\/p>\n\n\n\n<em>Copyright \u00a9 <script>document.write(new Date().getFullYear());<\/script>, HERZLADEN &#8211; Lichtvoll f\u00fcr Mensch, Tier und Mutter Erde<\/em>\n\n\n\n<p>Alle Rechte vorbehalten.<\/p>\n","protected":false},"excerpt":{"rendered":"<p>Impressum HERZLADEN &#8211; Lichtvoll f\u00fcr Mensch, Tier und Mutter ErdeFurtstrasse 1CH &#8211; 8335 HittnauSchweiz webshop@herzladen.chhttps:\/\/www.herzladen.ch\/webshop Vertretungsberechtigte Person:Marc Iseli, Gesch\u00e4ftsf\u00fchrer Rechtsform, UID:Einzelfirma, CHE-277.494.402 Mehrwertsteuer-Nummer:CHE-277.494.402 MWST Gerichtsstand:Standort von &#8222;HERZLADEN &#8211; Lichtvoll f\u00fcr Mensch, Tier und Mutter Erde&#8220;Hittnau &#8211; Pf\u00e4ffikon ZH Copyright \u00a9 , HERZLADEN &#8211; Lichtvoll f\u00fcr Mensch, Tier und Mutter Erde Datenschutzerkl\u00e4rung Allgemeine Datenschutzerkl\u00e4rung Durch die [&hellip;]<\/p>\n","protected":false},"author":1,"featured_media":0,"parent":0,"menu_order":0,"comment_status":"closed","ping_status":"closed","template":"","meta":{"footnotes":""},"class_list":["post-9783952533307","page","type-page","status-publish","hentry"],"yoast_head":"<!-- This site is optimized with the Yoast SEO plugin v26.6 - https:\/\/yoast.com\/wordpress\/plugins\/seo\/ -->\n<title>Impressum \/ Datenschutz - HERZLADEN - Lichtvoll f\u00fcr Mensch, Tier und Mutter Erde - Webshop<\/title>\n<meta name=\"robots\" content=\"index, follow, max-snippet:-1, max-image-preview:large, max-video-preview:-1\" \/>\n<link rel=\"canonical\" href=\"https:\/\/www.herzladen.ch\/webshop\/?page_id=9783952533307\" \/>\n<meta property=\"og:locale\" content=\"de_DE\" \/>\n<meta property=\"og:type\" content=\"article\" \/>\n<meta property=\"og:title\" content=\"Impressum \/ Datenschutz - HERZLADEN - Lichtvoll f\u00fcr Mensch, Tier und Mutter Erde - Webshop\" \/>\n<meta property=\"og:description\" content=\"Impressum HERZLADEN &#8211; Lichtvoll f\u00fcr Mensch, Tier und Mutter ErdeFurtstrasse 1CH &#8211; 8335 HittnauSchweiz webshop@herzladen.chhttps:\/\/www.herzladen.ch\/webshop Vertretungsberechtigte Person:Marc Iseli, Gesch\u00e4ftsf\u00fchrer Rechtsform, UID:Einzelfirma, CHE-277.494.402 Mehrwertsteuer-Nummer:CHE-277.494.402 MWST Gerichtsstand:Standort von &#8222;HERZLADEN &#8211; Lichtvoll f\u00fcr Mensch, Tier und Mutter Erde&#8220;Hittnau &#8211; Pf\u00e4ffikon ZH Copyright \u00a9 , HERZLADEN &#8211; Lichtvoll f\u00fcr Mensch, Tier und Mutter Erde Datenschutzerkl\u00e4rung Allgemeine Datenschutzerkl\u00e4rung Durch die [&hellip;]\" \/>\n<meta property=\"og:url\" content=\"https:\/\/www.herzladen.ch\/webshop\/?page_id=9783952533307\" \/>\n<meta property=\"og:site_name\" content=\"HERZLADEN - Lichtvoll f\u00fcr Mensch, Tier und Mutter Erde - Webshop\" \/>\n<meta property=\"article:modified_time\" content=\"2023-07-31T06:39:57+00:00\" \/>\n<meta name=\"twitter:card\" content=\"summary_large_image\" \/>\n<meta name=\"twitter:label1\" content=\"Gesch\u00e4tzte Lesezeit\" \/>\n\t<meta name=\"twitter:data1\" content=\"7\u00a0Minuten\" \/>\n<script type=\"application\/ld+json\" class=\"yoast-schema-graph\">{\"@context\":\"https:\/\/schema.org\",\"@graph\":[{\"@type\":\"WebPage\",\"@id\":\"https:\/\/www.herzladen.ch\/webshop\/?page_id=9783952533307\",\"url\":\"https:\/\/www.herzladen.ch\/webshop\/?page_id=9783952533307\",\"name\":\"Impressum \/ Datenschutz - HERZLADEN - Lichtvoll f\u00fcr Mensch, Tier und Mutter Erde - Webshop\",\"isPartOf\":{\"@id\":\"https:\/\/www.herzladen.ch\/webshop\/#website\"},\"datePublished\":\"2023-07-11T07:06:08+00:00\",\"dateModified\":\"2023-07-31T06:39:57+00:00\",\"breadcrumb\":{\"@id\":\"https:\/\/www.herzladen.ch\/webshop\/?page_id=9783952533307#breadcrumb\"},\"inLanguage\":\"de\",\"potentialAction\":[{\"@type\":\"ReadAction\",\"target\":[\"https:\/\/www.herzladen.ch\/webshop\/?page_id=9783952533307\"]}]},{\"@type\":\"BreadcrumbList\",\"@id\":\"https:\/\/www.herzladen.ch\/webshop\/?page_id=9783952533307#breadcrumb\",\"itemListElement\":[{\"@type\":\"ListItem\",\"position\":1,\"name\":\"Startseite\",\"item\":\"https:\/\/www.herzladen.ch\/webshop\/\"},{\"@type\":\"ListItem\",\"position\":2,\"name\":\"Impressum \/ Datenschutz\"}]},{\"@type\":\"WebSite\",\"@id\":\"https:\/\/www.herzladen.ch\/webshop\/#website\",\"url\":\"https:\/\/www.herzladen.ch\/webshop\/\",\"name\":\"HERZLADEN - Lichtvoll f\u00fcr Mensch, Tier und Mutter Erde - Webshop\",\"description\":\"\",\"publisher\":{\"@id\":\"https:\/\/www.herzladen.ch\/webshop\/#organization\"},\"potentialAction\":[{\"@type\":\"SearchAction\",\"target\":{\"@type\":\"EntryPoint\",\"urlTemplate\":\"https:\/\/www.herzladen.ch\/webshop\/?s={search_term_string}\"},\"query-input\":{\"@type\":\"PropertyValueSpecification\",\"valueRequired\":true,\"valueName\":\"search_term_string\"}}],\"inLanguage\":\"de\"},{\"@type\":\"Organization\",\"@id\":\"https:\/\/www.herzladen.ch\/webshop\/#organization\",\"name\":\"HERZLADEN - Lichtvoll f\u00fcr Mensch, Tier und Mutter Erde - Webshop\",\"url\":\"https:\/\/www.herzladen.ch\/webshop\/\",\"logo\":{\"@type\":\"ImageObject\",\"inLanguage\":\"de\",\"@id\":\"https:\/\/www.herzladen.ch\/webshop\/#\/schema\/logo\/image\/\",\"url\":\"https:\/\/www.herzladen.ch\/webshop\/wp-content\/uploads\/2023\/08\/Logo-Herzladen-scaled.jpg\",\"contentUrl\":\"https:\/\/www.herzladen.ch\/webshop\/wp-content\/uploads\/2023\/08\/Logo-Herzladen-scaled.jpg\",\"width\":2560,\"height\":728,\"caption\":\"HERZLADEN - Lichtvoll f\u00fcr Mensch, Tier und Mutter Erde - Webshop\"},\"image\":{\"@id\":\"https:\/\/www.herzladen.ch\/webshop\/#\/schema\/logo\/image\/\"}}]}<\/script>\n<!-- \/ Yoast SEO plugin. -->","yoast_head_json":{"title":"Impressum \/ Datenschutz - HERZLADEN - Lichtvoll f\u00fcr Mensch, Tier und Mutter Erde - Webshop","robots":{"index":"index","follow":"follow","max-snippet":"max-snippet:-1","max-image-preview":"max-image-preview:large","max-video-preview":"max-video-preview:-1"},"canonical":"https:\/\/www.herzladen.ch\/webshop\/?page_id=9783952533307","og_locale":"de_DE","og_type":"article","og_title":"Impressum \/ Datenschutz - HERZLADEN - Lichtvoll f\u00fcr Mensch, Tier und Mutter Erde - Webshop","og_description":"Impressum HERZLADEN &#8211; Lichtvoll f\u00fcr Mensch, Tier und Mutter ErdeFurtstrasse 1CH &#8211; 8335 HittnauSchweiz webshop@herzladen.chhttps:\/\/www.herzladen.ch\/webshop Vertretungsberechtigte Person:Marc Iseli, Gesch\u00e4ftsf\u00fchrer Rechtsform, UID:Einzelfirma, CHE-277.494.402 Mehrwertsteuer-Nummer:CHE-277.494.402 MWST Gerichtsstand:Standort von &#8222;HERZLADEN &#8211; Lichtvoll f\u00fcr Mensch, Tier und Mutter Erde&#8220;Hittnau &#8211; Pf\u00e4ffikon ZH Copyright \u00a9 , HERZLADEN &#8211; Lichtvoll f\u00fcr Mensch, Tier und Mutter Erde Datenschutzerkl\u00e4rung Allgemeine Datenschutzerkl\u00e4rung Durch die [&hellip;]","og_url":"https:\/\/www.herzladen.ch\/webshop\/?page_id=9783952533307","og_site_name":"HERZLADEN - Lichtvoll f\u00fcr Mensch, Tier und Mutter Erde - Webshop","article_modified_time":"2023-07-31T06:39:57+00:00","twitter_card":"summary_large_image","twitter_misc":{"Gesch\u00e4tzte Lesezeit":"7\u00a0Minuten"},"schema":{"@context":"https:\/\/schema.org","@graph":[{"@type":"WebPage","@id":"https:\/\/www.herzladen.ch\/webshop\/?page_id=9783952533307","url":"https:\/\/www.herzladen.ch\/webshop\/?page_id=9783952533307","name":"Impressum \/ Datenschutz - HERZLADEN - Lichtvoll f\u00fcr Mensch, Tier und Mutter Erde - Webshop","isPartOf":{"@id":"https:\/\/www.herzladen.ch\/webshop\/#website"},"datePublished":"2023-07-11T07:06:08+00:00","dateModified":"2023-07-31T06:39:57+00:00","breadcrumb":{"@id":"https:\/\/www.herzladen.ch\/webshop\/?page_id=9783952533307#breadcrumb"},"inLanguage":"de","potentialAction":[{"@type":"ReadAction","target":["https:\/\/www.herzladen.ch\/webshop\/?page_id=9783952533307"]}]},{"@type":"BreadcrumbList","@id":"https:\/\/www.herzladen.ch\/webshop\/?page_id=9783952533307#breadcrumb","itemListElement":[{"@type":"ListItem","position":1,"name":"Startseite","item":"https:\/\/www.herzladen.ch\/webshop\/"},{"@type":"ListItem","position":2,"name":"Impressum \/ Datenschutz"}]},{"@type":"WebSite","@id":"https:\/\/www.herzladen.ch\/webshop\/#website","url":"https:\/\/www.herzladen.ch\/webshop\/","name":"HERZLADEN - Lichtvoll f\u00fcr Mensch, Tier und Mutter Erde - Webshop","description":"","publisher":{"@id":"https:\/\/www.herzladen.ch\/webshop\/#organization"},"potentialAction":[{"@type":"SearchAction","target":{"@type":"EntryPoint","urlTemplate":"https:\/\/www.herzladen.ch\/webshop\/?s={search_term_string}"},"query-input":{"@type":"PropertyValueSpecification","valueRequired":true,"valueName":"search_term_string"}}],"inLanguage":"de"},{"@type":"Organization","@id":"https:\/\/www.herzladen.ch\/webshop\/#organization","name":"HERZLADEN - Lichtvoll f\u00fcr Mensch, Tier und Mutter Erde - Webshop","url":"https:\/\/www.herzladen.ch\/webshop\/","logo":{"@type":"ImageObject","inLanguage":"de","@id":"https:\/\/www.herzladen.ch\/webshop\/#\/schema\/logo\/image\/","url":"https:\/\/www.herzladen.ch\/webshop\/wp-content\/uploads\/2023\/08\/Logo-Herzladen-scaled.jpg","contentUrl":"https:\/\/www.herzladen.ch\/webshop\/wp-content\/uploads\/2023\/08\/Logo-Herzladen-scaled.jpg","width":2560,"height":728,"caption":"HERZLADEN - Lichtvoll f\u00fcr Mensch, Tier und Mutter Erde - Webshop"},"image":{"@id":"https:\/\/www.herzladen.ch\/webshop\/#\/schema\/logo\/image\/"}}]}},"jetpack_sharing_enabled":true,"_links":{"self":[{"href":"https:\/\/www.herzladen.ch\/webshop\/index.php?rest_route=\/wp\/v2\/pages\/9783952533307","targetHints":{"allow":["GET"]}}],"collection":[{"href":"https:\/\/www.herzladen.ch\/webshop\/index.php?rest_route=\/wp\/v2\/pages"}],"about":[{"href":"https:\/\/www.herzladen.ch\/webshop\/index.php?rest_route=\/wp\/v2\/types\/page"}],"author":[{"embeddable":true,"href":"https:\/\/www.herzladen.ch\/webshop\/index.php?rest_route=\/wp\/v2\/users\/1"}],"replies":[{"embeddable":true,"href":"https:\/\/www.herzladen.ch\/webshop\/index.php?rest_route=%2Fwp%2Fv2%2Fcomments&post=9783952533307"}],"version-history":[{"count":6,"href":"https:\/\/www.herzladen.ch\/webshop\/index.php?rest_route=\/wp\/v2\/pages\/9783952533307\/revisions"}],"predecessor-version":[{"id":9783952533434,"href":"https:\/\/www.herzladen.ch\/webshop\/index.php?rest_route=\/wp\/v2\/pages\/9783952533307\/revisions\/9783952533434"}],"wp:attachment":[{"href":"https:\/\/www.herzladen.ch\/webshop\/index.php?rest_route=%2Fwp%2Fv2%2Fmedia&parent=9783952533307"}],"curies":[{"name":"wp","href":"https:\/\/api.w.org\/{rel}","templated":true}]}}